{"id":361,"date":"2026-01-15T13:36:34","date_gmt":"2026-01-15T12:36:34","guid":{"rendered":"https:\/\/hotelamhafen-leverkusen.de\/chambres\/"},"modified":"2026-04-24T13:35:55","modified_gmt":"2026-04-24T11:35:55","slug":"chambres","status":"publish","type":"page","link":"https:\/\/hotelamhafen-leverkusen.de\/fr\/chambres\/","title":{"rendered":"Chambres"},"content":{"rendered":"<p>[et_pb_section fb_built=\u00a0\u00bb1&Prime; _builder_version=\u00a0\u00bb4.27.5&Prime; _module_preset=\u00a0\u00bbdefault\u00a0\u00bb background_color=\u00a0\u00bb#333333&Prime; height=\u00a0\u00bb200px\u00a0\u00bb height_tablet=\u00a0\u00bb265px\u00a0\u00bb height_phone=\u00a0\u00bb265px\u00a0\u00bb height_last_edited=\u00a0\u00bbon|phone\u00a0\u00bb global_colors_info=\u00a0\u00bb{}\u00a0\u00bb][\/et_pb_section][et_pb_section fb_built=\u00a0\u00bb1&Prime; admin_label=\u00a0\u00bbLage &#038; Anbindung\u00a0\u00bb _builder_version=\u00a0\u00bb4.27.5&Prime; _module_preset=\u00a0\u00bbdefault\u00a0\u00bb global_colors_info=\u00a0\u00bb{}\u00a0\u00bb][et_pb_row _builder_version=\u00a0\u00bb4.27.5&Prime; _module_preset=\u00a0\u00bbdefault\u00a0\u00bb custom_padding=\u00a0\u00bb||||false|false\u00a0\u00bb global_colors_info=\u00a0\u00bb{}\u00a0\u00bb][et_pb_column type=\u00a0\u00bb4_4&Prime; _builder_version=\u00a0\u00bb4.27.5&Prime; _module_preset=\u00a0\u00bbdefault\u00a0\u00bb global_colors_info=\u00a0\u00bb{}\u00a0\u00bb][et_pb_text _builder_version=\u00a0\u00bb4.27.5&Prime; _module_preset=\u00a0\u00bbdefault\u00a0\u00bb text_text_color=\u00a0\u00bb#333333&Prime; header_font=\u00a0\u00bbbebas-neue||||||||\u00a0\u00bb header_text_color=\u00a0\u00bb#A5C4A3&Prime; header_font_size=\u00a0\u00bb48px\u00a0\u00bb header_2_font=\u00a0\u00bbbebas-neue||||||||\u00a0\u00bb header_2_text_color=\u00a0\u00bb#A5C4A3&Prime; header_2_font_size=\u00a0\u00bb48px\u00a0\u00bb custom_css_free_form=\u00a0\u00bbselector p {||  max-width: 60ch;||}\u00a0\u00bb global_colors_info=\u00a0\u00bb{}\u00a0\u00bb]<\/p>\n<h1><span class=\"preheading preheading-dark\">D\u00e9couvrez<\/span> nos chambres<\/h1>\n<p>Profitez de chambres spacieuses avec salle de bain priv\u00e9e, \u00e9quipement moderne et emplacement calme, certaines avec vue sur la rivi\u00e8re ou le jardin.[\/et_pb_text][\/et_pb_column][\/et_pb_row][et_pb_row column_structure=\u00a0\u00bb2_5,3_5&Prime; _builder_version=\u00a0\u00bb4.27.5&Prime; _module_preset=\u00a0\u00bbdefault\u00a0\u00bb background_color=\u00a0\u00bb#f7f7f7&Prime; custom_margin=\u00a0\u00bb||50px||false|false\u00a0\u00bb custom_padding=\u00a0\u00bb40px|40px|40px|40px|true|true\u00a0\u00bb global_colors_info=\u00a0\u00bb{}\u00a0\u00bb][et_pb_column type=\u00a0\u00bb2_5&Prime; _builder_version=\u00a0\u00bb4.27.5&Prime; _module_preset=\u00a0\u00bbdefault\u00a0\u00bb global_colors_info=\u00a0\u00bb{}\u00a0\u00bb][et_pb_image src=\u00a0\u00bbhttps:\/\/hotelamhafen-leverkusen.de\/wp-content\/uploads\/2026\/01\/DSC01252_ai.jpg\u00a0\u00bb title_text=\u00a0\u00bbDSC01252_ai\u00a0\u00bb show_in_lightbox=\u00a0\u00bbon\u00a0\u00bb _builder_version=\u00a0\u00bb4.27.5&Prime; _module_preset=\u00a0\u00bbdefault\u00a0\u00bb global_colors_info=\u00a0\u00bb{}\u00a0\u00bb][\/et_pb_image][dipi_masonry_gallery gallery_ids=\u00a0\u00bb215,214,213,212&Prime; _builder_version=\u00a0\u00bb4.27.5&Prime; _module_preset=\u00a0\u00bbdefault\u00a0\u00bb global_colors_info=\u00a0\u00bb{}\u00a0\u00bb][\/dipi_masonry_gallery][\/et_pb_column][et_pb_column type=\u00a0\u00bb3_5&Prime; _builder_version=\u00a0\u00bb4.27.5&Prime; _module_preset=\u00a0\u00bbdefault\u00a0\u00bb global_colors_info=\u00a0\u00bb{}\u00a0\u00bb][et_pb_text _builder_version=\u00a0\u00bb4.27.5&Prime; _module_preset=\u00a0\u00bbdefault\u00a0\u00bb global_colors_info=\u00a0\u00bb{}\u00a0\u00bb]<\/p>\n<h2>Chambre double<\/h2>\n<p>Cette chambre double spacieuse dispose d&rsquo;une armoire, du chauffage et d&rsquo;une salle de bains privative avec douche et s\u00e8che-cheveux. Le logement est \u00e9quip\u00e9 d&rsquo;un lit.[\/et_pb_text][et_pb_code _builder_version=\u00a0\u00bb4.27.5&Prime; _module_preset=\u00a0\u00bbdefault\u00a0\u00bb global_colors_info=\u00a0\u00bb{}\u00a0\u00bb]<\/p>\n<div class=\"zimmer-features\"><!-- [et_pb_line_break_holder] -->  <\/p>\n<div style=\"display: block;\"><!-- [et_pb_line_break_holder] --><\/p>\n<h3>Dans votre propre salle de bain:<\/h3>\n<p><!-- [et_pb_line_break_holder] -->Produits de soin gratuits,<!-- [et_pb_line_break_holder] -->WC,<!-- [et_pb_line_break_holder] -->Baignoire ou douche,<!-- [et_pb_line_break_holder] -->Serviettes,<!-- [et_pb_line_break_holder] -->S\u00e8che-cheveux,<!-- [et_pb_line_break_holder] -->papier hygi\u00e9nique<!-- [et_pb_line_break_holder] -->  <\/div>\n<p><!-- [et_pb_line_break_holder] -->  <\/p>\n<div><!-- [et_pb_line_break_holder] --><\/p>\n<h3>Vue:<\/h3>\n<p><!-- [et_pb_line_break_holder] -->vue sur le fleuve<!-- [et_pb_line_break_holder] -->  <\/div>\n<p><!-- [et_pb_line_break_holder] -->  <\/p>\n<div><!-- [et_pb_line_break_holder] -->    <\/p>\n<h3>\u00c9quipement:<\/h3>\n<p><!-- [et_pb_line_break_holder] -->Linge de lit,<!-- [et_pb_line_break_holder] -->TV,<!-- [et_pb_line_break_holder] -->R\u00e9frig\u00e9rateur,<!-- [et_pb_line_break_holder] -->Chauffage,<!-- [et_pb_line_break_holder] -->t\u00e9l\u00e9viseur \u00e0 \u00e9cran plat,<!-- [et_pb_line_break_holder] -->Armoire,<!-- [et_pb_line_break_holder] -->Table \u00e0 manger,<!-- [et_pb_line_break_holder] -->Appartement entier au rez-de-chauss\u00e9e,<!-- [et_pb_line_break_holder] -->Porte-manteau,<!-- [et_pb_line_break_holder] -->d\u00e9sinfectant pour les mains<!-- [et_pb_line_break_holder] -->  <\/div>\n<p><!-- [et_pb_line_break_holder] -->  <\/p>\n<div><!-- [et_pb_line_break_holder] -->    <\/p>\n<h3>Fumeurs:<\/h3>\n<p><!-- [et_pb_line_break_holder] -->Il est interdit de fumer<!-- [et_pb_line_break_holder] -->  <\/div>\n<p><!-- [et_pb_line_break_holder] --><\/div>\n<p><!-- [et_pb_line_break_holder] --><!-- [et_pb_line_break_holder] --><!-- [et_pb_line_break_holder] -->[\/et_pb_code][et_pb_button button_url=\u00a0\u00bbhttps:\/\/direct-book.com\/properties\/hotelamhafenleverkusen\u00a0\u00bb url_new_window=\u00a0\u00bbon\u00a0\u00bb button_text=\u00a0\u00bbR\u00e9server maintenant\u00a0\u00bb button_alignment=\u00a0\u00bbcenter\u00a0\u00bb _builder_version=\u00a0\u00bb4.27.5&Prime; _module_preset=\u00a0\u00bbdefault\u00a0\u00bb custom_button=\u00a0\u00bbon\u00a0\u00bb button_text_size=\u00a0\u00bb18px\u00a0\u00bb button_text_color=\u00a0\u00bb#FFFFFF\u00a0\u00bb button_bg_color=\u00a0\u00bb#A5C4A3&Prime; button_border_color=\u00a0\u00bb#A5C4A3&Prime; button_border_radius=\u00a0\u00bb0px\u00a0\u00bb button_font=\u00a0\u00bbarial||||||||\u00a0\u00bb custom_css_free_form=\u00a0\u00bbselector {||  width: 100%||}\u00a0\u00bb locked=\u00a0\u00bboff\u00a0\u00bb global_colors_info=\u00a0\u00bb{}\u00a0\u00bb button_border_color__hover_enabled=\u00a0\u00bbon|desktop\u00a0\u00bb button_border_color__hover=\u00a0\u00bb#A5C4A3&Prime;][\/et_pb_button][\/et_pb_column][\/et_pb_row][et_pb_row column_structure=\u00a0\u00bb3_5,2_5&Prime; _builder_version=\u00a0\u00bb4.27.5&Prime; _module_preset=\u00a0\u00bbdefault\u00a0\u00bb background_color=\u00a0\u00bb#f7f7f7&Prime; custom_padding=\u00a0\u00bb40px|40px|40px|40px|true|true\u00a0\u00bb global_colors_info=\u00a0\u00bb{}\u00a0\u00bb][et_pb_column type=\u00a0\u00bb3_5&Prime; _builder_version=\u00a0\u00bb4.27.5&Prime; _module_preset=\u00a0\u00bbdefault\u00a0\u00bb global_colors_info=\u00a0\u00bb{}\u00a0\u00bb][et_pb_text _builder_version=\u00a0\u00bb4.27.5&Prime; _module_preset=\u00a0\u00bbdefault\u00a0\u00bb global_colors_info=\u00a0\u00bb{}\u00a0\u00bb]<\/p>\n<h2>Chambre double ou \u00e0 deux lits<\/h2>\n<p>Cette chambre double\/\u00e0 deux lits spacieuse dispose d&rsquo;une armoire, d&rsquo;un canap\u00e9 et d&rsquo;une salle de bains privative avec douche et s\u00e8che-cheveux. Cette chambre double\/\u00e0 deux lits dispose du chauffage, d&rsquo;une t\u00e9l\u00e9vision \u00e0 \u00e9cran plat et d&rsquo;une vue sur le jardin. Le logement dispose de 2 lits.[\/et_pb_text][et_pb_code _builder_version=\u00a0\u00bb4.27.5&Prime; _module_preset=\u00a0\u00bbdefault\u00a0\u00bb global_colors_info=\u00a0\u00bb{}\u00a0\u00bb]<\/p>\n<div class=\"zimmer-features\"><!-- [et_pb_line_break_holder] -->  <\/p>\n<div style=\"display: block;\"><!-- [et_pb_line_break_holder] --><\/p>\n<h3>Dans votre propre salle de bain:<\/h3>\n<p><!-- [et_pb_line_break_holder] -->WC,<!-- [et_pb_line_break_holder] -->Baignoire ou douche,<!-- [et_pb_line_break_holder] -->Serviettes,<!-- [et_pb_line_break_holder] -->S\u00e8che-cheveux,<!-- [et_pb_line_break_holder] -->papier hygi\u00e9nique<!-- [et_pb_line_break_holder] -->  <\/div>\n<p><!-- [et_pb_line_break_holder] -->  <\/p>\n<div><!-- [et_pb_line_break_holder] --><\/p>\n<h3>Vue:<\/h3>\n<p><!-- [et_pb_line_break_holder] -->Vue sur le jardin,<!-- [et_pb_line_break_holder] -->Vue sur la cour int\u00e9rieure<!-- [et_pb_line_break_holder] -->  <\/div>\n<p><!-- [et_pb_line_break_holder] -->  <\/p>\n<div><!-- [et_pb_line_break_holder] -->    <\/p>\n<h3>\u00c9quipement:<\/h3>\n<p><!-- [et_pb_line_break_holder] -->Sofa,<!-- [et_pb_line_break_holder] -->Linge de lit,<!-- [et_pb_line_break_holder] -->TV,<!-- [et_pb_line_break_holder] -->R\u00e9frig\u00e9rateur,<!-- [et_pb_line_break_holder] -->Chauffage,<!-- [et_pb_line_break_holder] -->t\u00e9l\u00e9viseur \u00e0 \u00e9cran plat,<!-- [et_pb_line_break_holder] -->Armoire,<!-- [et_pb_line_break_holder] -->Table \u00e0 manger,<!-- [et_pb_line_break_holder] -->Appartement entier au rez-de-chauss\u00e9e,<!-- [et_pb_line_break_holder] -->d\u00e9sinfectant pour les mains<!-- [et_pb_line_break_holder] -->  <\/div>\n<p><!-- [et_pb_line_break_holder] -->  <\/p>\n<div><!-- [et_pb_line_break_holder] -->    <\/p>\n<h3>Fumeurs:<\/h3>\n<p><!-- [et_pb_line_break_holder] -->Il est interdit de fumer<!-- [et_pb_line_break_holder] -->  <\/div>\n<p><!-- [et_pb_line_break_holder] --><\/div>\n<p><!-- [et_pb_line_break_holder] --><!-- [et_pb_line_break_holder] --><!-- [et_pb_line_break_holder] -->[\/et_pb_code][et_pb_button button_url=\u00a0\u00bbhttps:\/\/direct-book.com\/properties\/hotelamhafenleverkusen\u00a0\u00bb url_new_window=\u00a0\u00bbon\u00a0\u00bb button_text=\u00a0\u00bbR\u00e9server maintenant\u00a0\u00bb button_alignment=\u00a0\u00bbcenter\u00a0\u00bb _builder_version=\u00a0\u00bb4.27.5&Prime; _module_preset=\u00a0\u00bbdefault\u00a0\u00bb custom_button=\u00a0\u00bbon\u00a0\u00bb button_text_size=\u00a0\u00bb18px\u00a0\u00bb button_text_color=\u00a0\u00bb#FFFFFF\u00a0\u00bb button_bg_color=\u00a0\u00bb#A5C4A3&Prime; button_border_color=\u00a0\u00bb#A5C4A3&Prime; button_border_radius=\u00a0\u00bb0px\u00a0\u00bb button_font=\u00a0\u00bbarial||||||||\u00a0\u00bb custom_css_free_form=\u00a0\u00bbselector {||  width: 100%||}\u00a0\u00bb locked=\u00a0\u00bboff\u00a0\u00bb global_colors_info=\u00a0\u00bb{}\u00a0\u00bb button_border_color__hover_enabled=\u00a0\u00bbon|desktop\u00a0\u00bb button_border_color__hover=\u00a0\u00bb#A5C4A3&Prime;][\/et_pb_button][\/et_pb_column][et_pb_column type=\u00a0\u00bb2_5&Prime; _builder_version=\u00a0\u00bb4.27.5&Prime; _module_preset=\u00a0\u00bbdefault\u00a0\u00bb global_colors_info=\u00a0\u00bb{}\u00a0\u00bb][et_pb_image src=\u00a0\u00bbhttps:\/\/hotelamhafen-leverkusen.de\/wp-content\/uploads\/2026\/04\/DSC01334.jpg\u00a0\u00bb title_text=\u00a0\u00bbDSC01326&Prime; show_in_lightbox=\u00a0\u00bbon\u00a0\u00bb _builder_version=\u00a0\u00bb4.27.5&Prime; _module_preset=\u00a0\u00bbdefault\u00a0\u00bb hover_enabled=\u00a0\u00bb0&Prime; global_colors_info=\u00a0\u00bb{}\u00a0\u00bb sticky_enabled=\u00a0\u00bb0&Prime;][\/et_pb_image][dipi_masonry_gallery gallery_ids=\u00a0\u00bb481,245,243,242,241&Prime; _builder_version=\u00a0\u00bb4.27.5&Prime; _module_preset=\u00a0\u00bbdefault\u00a0\u00bb hover_enabled=\u00a0\u00bb0&Prime; global_colors_info=\u00a0\u00bb{}\u00a0\u00bb sticky_enabled=\u00a0\u00bb0&Prime;][\/dipi_masonry_gallery][\/et_pb_column][\/et_pb_row][et_pb_row column_structure=\u00a0\u00bb2_5,3_5&Prime; _builder_version=\u00a0\u00bb4.27.5&Prime; _module_preset=\u00a0\u00bbdefault\u00a0\u00bb background_color=\u00a0\u00bb#f7f7f7&Prime; custom_margin=\u00a0\u00bb50px||||false|false\u00a0\u00bb custom_padding=\u00a0\u00bb40px|40px|40px|40px|true|true\u00a0\u00bb global_colors_info=\u00a0\u00bb{}\u00a0\u00bb][et_pb_column type=\u00a0\u00bb2_5&Prime; _builder_version=\u00a0\u00bb4.27.5&Prime; _module_preset=\u00a0\u00bbdefault\u00a0\u00bb global_colors_info=\u00a0\u00bb{}\u00a0\u00bb][et_pb_image src=\u00a0\u00bbhttps:\/\/hotelamhafen-leverkusen.de\/wp-content\/uploads\/2026\/01\/DSC01311.jpg\u00a0\u00bb title_text=\u00a0\u00bbDSC01311&Prime; show_in_lightbox=\u00a0\u00bbon\u00a0\u00bb _builder_version=\u00a0\u00bb4.27.5&Prime; _module_preset=\u00a0\u00bbdefault\u00a0\u00bb global_colors_info=\u00a0\u00bb{}\u00a0\u00bb][\/et_pb_image][dipi_masonry_gallery gallery_ids=\u00a0\u00bb274,275,276,273&Prime; _builder_version=\u00a0\u00bb4.27.5&Prime; _module_preset=\u00a0\u00bbdefault\u00a0\u00bb global_colors_info=\u00a0\u00bb{}\u00a0\u00bb][\/dipi_masonry_gallery][\/et_pb_column][et_pb_column type=\u00a0\u00bb3_5&Prime; _builder_version=\u00a0\u00bb4.27.5&Prime; _module_preset=\u00a0\u00bbdefault\u00a0\u00bb global_colors_info=\u00a0\u00bb{}\u00a0\u00bb][et_pb_text _builder_version=\u00a0\u00bb4.27.5&Prime; _module_preset=\u00a0\u00bbdefault\u00a0\u00bb global_colors_info=\u00a0\u00bb{}\u00a0\u00bb]<\/p>\n<h2>Chambre double<\/h2>\n<p>Cette chambre double avec chauffage dispose d&rsquo;une armoire et d&rsquo;une salle de bains privative avec douche et s\u00e8che-cheveux. Cet h\u00e9bergement comprend 1 lit. <\/p>\n<p>[\/et_pb_text][et_pb_code _builder_version=\u00a0\u00bb4.27.5&Prime; _module_preset=\u00a0\u00bbdefault\u00a0\u00bb global_colors_info=\u00a0\u00bb{}\u00a0\u00bb]<\/p>\n<div class=\"zimmer-features\"><!-- [et_pb_line_break_holder] -->  <\/p>\n<div style=\"display: block;\"><!-- [et_pb_line_break_holder] --><\/p>\n<h3>Dans votre propre salle de bain:<\/h3>\n<p><!-- [et_pb_line_break_holder] -->WC,<!-- [et_pb_line_break_holder] -->Baignoire ou douche,<!-- [et_pb_line_break_holder] -->Serviettes,<!-- [et_pb_line_break_holder] -->S\u00e8che-cheveux,<!-- [et_pb_line_break_holder] -->papier hygi\u00e9nique<!-- [et_pb_line_break_holder] -->  <\/div>\n<p><!-- [et_pb_line_break_holder] -->  <\/p>\n<div><!-- [et_pb_line_break_holder] --><\/p>\n<h3>Vue:<\/h3>\n<p><!-- [et_pb_line_break_holder] -->vue sur le fleuve<!-- [et_pb_line_break_holder] -->  <\/div>\n<p><!-- [et_pb_line_break_holder] -->  <\/p>\n<div><!-- [et_pb_line_break_holder] -->    <\/p>\n<h3>\u00c9quipement:<\/h3>\n<p><!-- [et_pb_line_break_holder] -->linge de lit<!-- [et_pb_line_break_holder] -->TV,<!-- [et_pb_line_break_holder] -->Chauffage,<!-- [et_pb_line_break_holder] -->t\u00e9l\u00e9viseur \u00e0 \u00e9cran plat,<!-- [et_pb_line_break_holder] -->Armoire,<!-- [et_pb_line_break_holder] -->Table \u00e0 manger,<!-- [et_pb_line_break_holder] -->Appartement entier au rez-de-chauss\u00e9e,<!-- [et_pb_line_break_holder] -->Porte-manteau,<!-- [et_pb_line_break_holder] -->d\u00e9sinfectant pour les mains<!-- [et_pb_line_break_holder] -->  <\/div>\n<p><!-- [et_pb_line_break_holder] -->  <\/p>\n<div><!-- [et_pb_line_break_holder] -->    <\/p>\n<h3>Fumeurs:<\/h3>\n<p><!-- [et_pb_line_break_holder] -->Il est interdit de fumer<!-- [et_pb_line_break_holder] -->  <\/div>\n<p><!-- [et_pb_line_break_holder] --><\/div>\n<p>[\/et_pb_code][et_pb_button button_url=\u00a0\u00bbhttps:\/\/direct-book.com\/properties\/hotelamhafenleverkusen\u00a0\u00bb url_new_window=\u00a0\u00bbon\u00a0\u00bb button_text=\u00a0\u00bbR\u00e9server maintenant\u00a0\u00bb button_alignment=\u00a0\u00bbcenter\u00a0\u00bb _builder_version=\u00a0\u00bb4.27.5&Prime; _module_preset=\u00a0\u00bbdefault\u00a0\u00bb custom_button=\u00a0\u00bbon\u00a0\u00bb button_text_size=\u00a0\u00bb18px\u00a0\u00bb button_text_color=\u00a0\u00bb#FFFFFF\u00a0\u00bb button_bg_color=\u00a0\u00bb#A5C4A3&Prime; button_border_color=\u00a0\u00bb#A5C4A3&Prime; button_border_radius=\u00a0\u00bb0px\u00a0\u00bb button_font=\u00a0\u00bbarial||||||||\u00a0\u00bb custom_css_free_form=\u00a0\u00bbselector {||  width: 100%||}\u00a0\u00bb locked=\u00a0\u00bboff\u00a0\u00bb global_colors_info=\u00a0\u00bb{}\u00a0\u00bb button_border_color__hover_enabled=\u00a0\u00bbon|desktop\u00a0\u00bb button_border_color__hover=\u00a0\u00bb#A5C4A3&Prime;][\/et_pb_button][\/et_pb_column][\/et_pb_row][\/et_pb_section]<\/p>\n","protected":false},"excerpt":{"rendered":"<p>D\u00e9couvrez nos chambres Profitez de chambres spacieuses avec salle de bain priv\u00e9e, \u00e9quipement moderne et emplacement calme, certaines avec vue sur la rivi\u00e8re ou le jardin.<div class=\"et_pb_module dipi_masonry_gallery dipi_masonry_gallery_0\">\n\t\t\t\t\n\t\t\t\t\n\t\t\t\t\n\t\t\t\t\n\t\t\t\t\n\t\t\t\t\n\t\t\t\t<div class=\"et_pb_module_inner\">\n\t\t\t\t\t<div class=\"dipi_masonry_gallery_wrapper\" data-config=\"{&quot;infinite_scroll_viewport&quot;:&quot;25%&quot;}\">\n                \n            <div\n                class=\"dipi_masonry_gallery_container animated none\"\n                \n                data-count=\"4\"\n                data-anim=\"none\"\n            >\n                <div class=\"grid show_lightbox show_lightbox_tablet show_lightbox_phone hide_overlay \" data-lazy=\"false\" >\n                    <div class=\"grid-sizer\"><\/div><div class=\"gutter-sizer\"><\/div><div class=\"grid-item et_pb_gallery_image \">\n                       \n                        <div class=\"img-container dipi-mg-animation dipi-mg-none\" href=\"https:\/\/hotelamhafen-leverkusen.de\/wp-content\/uploads\/2026\/01\/DSC01262.jpg\">\n                            <img decoding=\"async\" src=\"https:\/\/hotelamhafen-leverkusen.de\/wp-content\/uploads\/2026\/01\/DSC01262.jpg\"\n                                alt=\"\"\n                                loading=\"lazy\"\n                            \/>\n                            <span class=\"dipi_masonry_gallery_overlay background\"><\/span>\n                <span class=\"dipi_masonry_gallery_overlay background-hover\"><\/span>\n                <span class=\"dipi_masonry_gallery_overlay content\" style=\"transition-duration: 0ms;\">\n                    <div class=\"et-pb-icon  dipi-mansonry-gallery-icon animated fadeInUp\"data-no-icon><\/div>\n                    \n                    \n                <\/span>\n                        <\/div>\n                    \n                <\/div><div class=\"grid-item et_pb_gallery_image \">\n                       \n                        <div class=\"img-container dipi-mg-animation dipi-mg-none\" href=\"https:\/\/hotelamhafen-leverkusen.de\/wp-content\/uploads\/2026\/01\/DSC01252_ai.jpg\">\n                            <img decoding=\"async\" src=\"https:\/\/hotelamhafen-leverkusen.de\/wp-content\/uploads\/2026\/01\/DSC01252_ai.jpg\"\n                                alt=\"\"\n                                loading=\"lazy\"\n                            \/>\n                            <span class=\"dipi_masonry_gallery_overlay background\"><\/span>\n                <span class=\"dipi_masonry_gallery_overlay background-hover\"><\/span>\n                <span class=\"dipi_masonry_gallery_overlay content\" style=\"transition-duration: 0ms;\">\n                    <div class=\"et-pb-icon  dipi-mansonry-gallery-icon animated fadeInUp\"data-no-icon><\/div>\n                    \n                    \n                <\/span>\n                        <\/div>\n                    \n                <\/div><div class=\"grid-item et_pb_gallery_image \">\n                       \n                        <div class=\"img-container dipi-mg-animation dipi-mg-none\" href=\"https:\/\/hotelamhafen-leverkusen.de\/wp-content\/uploads\/2026\/01\/DSC01258.jpg\">\n                            <img decoding=\"async\" src=\"https:\/\/hotelamhafen-leverkusen.de\/wp-content\/uploads\/2026\/01\/DSC01258.jpg\"\n                                alt=\"\"\n                                loading=\"lazy\"\n                            \/>\n                            <span class=\"dipi_masonry_gallery_overlay background\"><\/span>\n                <span class=\"dipi_masonry_gallery_overlay background-hover\"><\/span>\n                <span class=\"dipi_masonry_gallery_overlay content\" style=\"transition-duration: 0ms;\">\n                    <div class=\"et-pb-icon  dipi-mansonry-gallery-icon animated fadeInUp\"data-no-icon><\/div>\n                    \n                    \n                <\/span>\n                        <\/div>\n                    \n                <\/div><div class=\"grid-item et_pb_gallery_image \">\n                       \n                        <div class=\"img-container dipi-mg-animation dipi-mg-none\" href=\"https:\/\/hotelamhafen-leverkusen.de\/wp-content\/uploads\/2026\/01\/DSC01259.jpg\">\n                            <img decoding=\"async\" src=\"https:\/\/hotelamhafen-leverkusen.de\/wp-content\/uploads\/2026\/01\/DSC01259.jpg\"\n                                alt=\"\"\n                                loading=\"lazy\"\n                            \/>\n                            <span class=\"dipi_masonry_gallery_overlay background\"><\/span>\n                <span class=\"dipi_masonry_gallery_overlay background-hover\"><\/span>\n                <span class=\"dipi_masonry_gallery_overlay content\" style=\"transition-duration: 0ms;\">\n                    <div class=\"et-pb-icon  dipi-mansonry-gallery-icon animated fadeInUp\"data-no-icon><\/div>\n                    \n                    \n                <\/span>\n                        <\/div>\n                    \n                <\/div>\n                <\/div>\n                \n            <\/div>\n            \n            <\/div>\n             \n\t\t\t\t<\/div>\n\t\t\t<\/div>Chambre double Cette chambre double spacieuse dispose d&rsquo;une armoire, du chauffage et d&rsquo;une salle de bains privative avec douche et s\u00e8che-cheveux. Le logement est \u00e9quip\u00e9 d&rsquo;un [&hellip;]<\/p>\n","protected":false},"author":1,"featured_media":0,"parent":0,"menu_order":0,"comment_status":"closed","ping_status":"closed","template":"","meta":{"_et_pb_use_builder":"on","_et_pb_old_content":"","_et_gb_content_width":"","footnotes":""},"dipi_cpt_category":[],"class_list":["post-361","page","type-page","status-publish","hentry"],"_links":{"self":[{"href":"https:\/\/hotelamhafen-leverkusen.de\/fr\/wp-json\/wp\/v2\/pages\/361","targetHints":{"allow":["GET"]}}],"collection":[{"href":"https:\/\/hotelamhafen-leverkusen.de\/fr\/wp-json\/wp\/v2\/pages"}],"about":[{"href":"https:\/\/hotelamhafen-leverkusen.de\/fr\/wp-json\/wp\/v2\/types\/page"}],"author":[{"embeddable":true,"href":"https:\/\/hotelamhafen-leverkusen.de\/fr\/wp-json\/wp\/v2\/users\/1"}],"replies":[{"embeddable":true,"href":"https:\/\/hotelamhafen-leverkusen.de\/fr\/wp-json\/wp\/v2\/comments?post=361"}],"version-history":[{"count":4,"href":"https:\/\/hotelamhafen-leverkusen.de\/fr\/wp-json\/wp\/v2\/pages\/361\/revisions"}],"predecessor-version":[{"id":487,"href":"https:\/\/hotelamhafen-leverkusen.de\/fr\/wp-json\/wp\/v2\/pages\/361\/revisions\/487"}],"wp:attachment":[{"href":"https:\/\/hotelamhafen-leverkusen.de\/fr\/wp-json\/wp\/v2\/media?parent=361"}],"wp:term":[{"taxonomy":"dipi_cpt_category","embeddable":true,"href":"https:\/\/hotelamhafen-leverkusen.de\/fr\/wp-json\/wp\/v2\/dipi_cpt_category?post=361"}],"curies":[{"name":"wp","href":"https:\/\/api.w.org\/{rel}","templated":true}]}}