{"id":341,"date":"2026-01-07T13:13:13","date_gmt":"2026-01-07T12:13:13","guid":{"rendered":"https:\/\/hotelamhafen-leverkusen.de\/home\/"},"modified":"2026-04-17T11:50:33","modified_gmt":"2026-04-17T09:50:33","slug":"home","status":"publish","type":"page","link":"https:\/\/hotelamhafen-leverkusen.de\/it\/","title":{"rendered":"Home"},"content":{"rendered":"<p>[et_pb_section fb_built=&#8221;1&#8243; next_background_color=&#8221;#333333&#8243; admin_label=&#8221;Hero&#8221; module_class=&#8221;slow-video video&#8221; _builder_version=&#8221;4.27.5&#8243; _module_preset=&#8221;default&#8221; background_video_mp4=&#8221;https:\/\/hotelamhafen-leverkusen.de\/wp-content\/uploads\/2026\/01\/hero_bg.mp4&#8243; background_video_width=&#8221;3440&#8243; background_video_height=&#8221;731&#8243; background_video_pause_outside_viewport=&#8221;off&#8221; height=&#8221;731px&#8221; bottom_divider_style=&#8221;asymmetric2&#8243; bottom_divider_height=&#8221;50px&#8221; bottom_divider_flip=&#8221;horizontal&#8221; custom_css_free_form=&#8221;selector {||  display: flex;||  justify-content: center;||  align-items: center;||}&#8221; global_colors_info=&#8221;{}&#8221;][et_pb_row custom_padding_last_edited=&#8221;on|phone&#8221; _builder_version=&#8221;4.27.5&#8243; _module_preset=&#8221;default&#8221; custom_padding=&#8221;||||false|false&#8221; custom_padding_tablet=&#8221;||||false|false&#8221; custom_padding_phone=&#8221;150px||||false|false&#8221; global_colors_info=&#8221;{}&#8221;][et_pb_column type=&#8221;4_4&#8243; _builder_version=&#8221;4.27.5&#8243; _module_preset=&#8221;default&#8221; global_colors_info=&#8221;{}&#8221;][et_pb_text _builder_version=&#8221;4.27.5&#8243; _module_preset=&#8221;default&#8221; text_font=&#8221;&#8211;et_global_body_font||||||||&#8221; text_text_color=&#8221;#FFFFFF&#8221; text_font_size=&#8221;16px&#8221; header_text_color=&#8221;#FFFFFF&#8221; header_font_size=&#8221;62px&#8221; custom_css_free_form=&#8221;selector p {||  max-width: 60ch;||}&#8221; text_text_shadow_style=&#8221;preset1&#8243; header_text_shadow_style=&#8221;preset1&#8243; global_colors_info=&#8221;{}&#8221;]<\/p>\n<h1>Hotel sul porto di Leverkusen<\/h1>\n<p>Situato in posizione tranquilla, ottimamente collegato, con ristorante interno e rapidi collegamenti con Colonia e D\u00fcsseldorf.<\/p>\n<p>[\/et_pb_text][et_pb_button button_url=&#8221;https:\/\/direct-book.com\/properties\/hotelamhafenleverkusen&#8221; url_new_window=&#8221;on&#8221; button_text=&#8221;Prenota ora&#8221; _builder_version=&#8221;4.27.5&#8243; _module_preset=&#8221;default&#8221; custom_button=&#8221;on&#8221; button_text_size=&#8221;18px&#8221; button_text_color=&#8221;#FFFFFF&#8221; button_bg_color=&#8221;#A5C4A3&#8243; button_border_color=&#8221;#A5C4A3&#8243; button_border_radius=&#8221;0px&#8221; button_font=&#8221;arial||||||||&#8221; global_colors_info=&#8221;{}&#8221; button_border_color__hover_enabled=&#8221;on|desktop&#8221; button_border_color__hover=&#8221;#A5C4A3&#8243;][\/et_pb_button][\/et_pb_column][\/et_pb_row][\/et_pb_section][et_pb_section fb_built=&#8221;1&#8243; admin_label=&#8221;Vorstellung&#8221; _builder_version=&#8221;4.27.5&#8243; _module_preset=&#8221;default&#8221; background_color=&#8221;#333333&#8243; global_colors_info=&#8221;{}&#8221;][et_pb_row column_structure=&#8221;1_2,1_2&#8243; _builder_version=&#8221;4.27.5&#8243; _module_preset=&#8221;default&#8221; global_colors_info=&#8221;{}&#8221;][et_pb_column type=&#8221;1_2&#8243; _builder_version=&#8221;4.27.5&#8243; _module_preset=&#8221;default&#8221; global_colors_info=&#8221;{}&#8221;][et_pb_text _builder_version=&#8221;4.27.5&#8243; _module_preset=&#8221;default&#8221; text_text_color=&#8221;#FFFFFF&#8221; header_2_font=&#8221;bebas-neue||||||||&#8221; header_2_text_color=&#8221;#A5C4A3&#8243; header_2_font_size=&#8221;48px&#8221; global_colors_info=&#8221;{}&#8221;]<\/p>\n<h2>Benvenuti<\/h2>\n<p>Benvenuti all&#8217;Hotel am Hafen di Leverkusen, il vostro piccolo hotel a conduzione individuale in una posizione tranquilla direttamente sul porto. Che si tratti di un viaggio d&#8217;affari, di una visita a una fiera, di una partita di calcio o di una breve vacanza nella Renania, da noi potrete pernottare in una posizione centrale tra Colonia e D\u00fcsseldorf e godervi allo stesso tempo un&#8217;atmosfera rilassata lontano dal trambusto. <\/p>\n<p>[\/et_pb_text][\/et_pb_column][et_pb_column type=&#8221;1_2&#8243; _builder_version=&#8221;4.27.5&#8243; _module_preset=&#8221;default&#8221; global_colors_info=&#8221;{}&#8221;][et_pb_image src=&#8221;https:\/\/hotelamhafen-leverkusen.de\/wp-content\/uploads\/2026\/04\/hotel_am_hafen_leverkusen_front.jpg&#8221; title_text=&#8221;DSC01334&#8243; _builder_version=&#8221;4.27.5&#8243; _module_preset=&#8221;default&#8221; hover_enabled=&#8221;0&#8243; global_colors_info=&#8221;{}&#8221; sticky_enabled=&#8221;0&#8243;][\/et_pb_image][\/et_pb_column][\/et_pb_row][\/et_pb_section][et_pb_section fb_built=&#8221;1&#8243; next_background_color=&#8221;#ffffff&#8221; admin_label=&#8221;F\u00fcr wen&#8221; _builder_version=&#8221;4.27.5&#8243; _module_preset=&#8221;default&#8221; background_color=&#8221;#333333&#8243; bottom_divider_style=&#8221;wave&#8221; bottom_divider_height=&#8221;60px&#8221; global_colors_info=&#8221;{}&#8221;][et_pb_row _builder_version=&#8221;4.27.5&#8243; _module_preset=&#8221;default&#8221; global_colors_info=&#8221;{}&#8221;][et_pb_column type=&#8221;4_4&#8243; _builder_version=&#8221;4.27.5&#8243; _module_preset=&#8221;default&#8221; global_colors_info=&#8221;{}&#8221;][et_pb_text _builder_version=&#8221;4.27.5&#8243; _module_preset=&#8221;default&#8221; text_text_color=&#8221;#FFFFFF&#8221; header_2_font=&#8221;bebas-neue||||||||&#8221; header_2_text_color=&#8221;#A5C4A3&#8243; header_2_font_size=&#8221;48px&#8221; global_colors_info=&#8221;{}&#8221;]<\/p>\n<h2>Il nostro hotel \u00e8 ideale per<\/h2>\n<p>[\/et_pb_text][\/et_pb_column][\/et_pb_row][et_pb_row column_structure=&#8221;1_3,1_3,1_3&#8243; _builder_version=&#8221;4.27.5&#8243; _module_preset=&#8221;default&#8221; global_colors_info=&#8221;{}&#8221;][et_pb_column type=&#8221;1_3&#8243; _builder_version=&#8221;4.27.5&#8243; _module_preset=&#8221;default&#8221; global_colors_info=&#8221;{}&#8221;][et_pb_blurb title=&#8221;Viaggiatori d&#039;affari e visitatori fieristici&#8221; image=&#8221;https:\/\/hotelamhafen-leverkusen.de\/wp-content\/uploads\/2026\/01\/briefcase.png&#8221; _builder_version=&#8221;4.27.5&#8243; _module_preset=&#8221;default&#8221; header_level=&#8221;h3&#8243; header_font=&#8221;arial|700|||||||&#8221; header_text_align=&#8221;center&#8221; header_text_color=&#8221;#FFFFFF&#8221; body_font=&#8221;arial||||||||&#8221; body_text_color=&#8221;#FFFFFF&#8221; body_font_size=&#8221;16px&#8221; background_color=&#8221;#333333&#8243; background_enable_pattern_style=&#8221;on&#8221; background_pattern_style=&#8221;squares&#8221; background_pattern_color=&#8221;#2d2d2d&#8221; background_pattern_horizontal_offset=&#8221;0%&#8221; background_pattern_vertical_offset=&#8221;0%&#8221; custom_css_free_form=&#8221;selector {||  border: 1px solid #a5c4a3;||  overflow: hidden;||  padding: 16px 20px 0 20px;||}||||selector li {||  margin-bottom: 15px;||}||||selector h3 {||  margin-bottom: 15px;||}&#8221; global_colors_info=&#8221;{}&#8221;]<\/p>\n<ul>\n<li>Rapidi collegamenti con Colonia e D\u00fcsseldorf e con i quartieri fieristici<\/li>\n<li>Buona raggiungibilit\u00e0 delle sedi aziendali pi\u00f9 importanti<\/li>\n<li>Posizione tranquilla per un sonno ristoratore dopo una lunga giornata di lavoro<\/li>\n<\/ul>\n<p>[\/et_pb_blurb][\/et_pb_column][et_pb_column type=&#8221;1_3&#8243; _builder_version=&#8221;4.27.5&#8243; _module_preset=&#8221;default&#8221; global_colors_info=&#8221;{}&#8221;][et_pb_blurb title=&#8221;Visitatori di eventi e partite di calcio&#8221; image=&#8221;https:\/\/hotelamhafen-leverkusen.de\/wp-content\/uploads\/2026\/01\/football-field.png&#8221; _builder_version=&#8221;4.27.5&#8243; _module_preset=&#8221;default&#8221; header_level=&#8221;h3&#8243; header_font=&#8221;arial|700|||||||&#8221; header_text_align=&#8221;center&#8221; header_text_color=&#8221;#FFFFFF&#8221; body_font=&#8221;arial||||||||&#8221; body_text_color=&#8221;#FFFFFF&#8221; body_font_size=&#8221;16px&#8221; background_enable_pattern_style=&#8221;on&#8221; background_pattern_style=&#8221;squares&#8221; background_pattern_color=&#8221;#2d2d2d&#8221; custom_css_free_form=&#8221;selector {||  border: 1px solid #a5c4a3;||  overflow: hidden;||  padding: 16px 20px 0 20px;||}||||selector li {||  margin-bottom: 15px;||}||||selector h3 {||  margin-bottom: 15px;||}&#8221; global_colors_info=&#8221;{}&#8221;]<\/p>\n<ul>\n<li>A breve distanza dalla BayArena e da altre location per eventi nella regione<\/li>\n<li>Ideale come pernottamento prima o dopo partite, concerti ed eventi<\/li>\n<li>Ottimi collegamenti per arrivare e ripartire rapidamente<\/li>\n<\/ul>\n<p>[\/et_pb_blurb][\/et_pb_column][et_pb_column type=&#8221;1_3&#8243; _builder_version=&#8221;4.27.5&#8243; _module_preset=&#8221;default&#8221; global_colors_info=&#8221;{}&#8221;][et_pb_blurb title=&#8221;Turisti e vacanzieri&#8221; image=&#8221;https:\/\/hotelamhafen-leverkusen.de\/wp-content\/uploads\/2026\/01\/calendar-1.png&#8221; _builder_version=&#8221;4.27.5&#8243; _module_preset=&#8221;default&#8221; header_level=&#8221;h3&#8243; header_font=&#8221;arial|700|||||||&#8221; header_text_align=&#8221;center&#8221; header_text_color=&#8221;#FFFFFF&#8221; body_font=&#8221;arial||||||||&#8221; body_text_color=&#8221;#FFFFFF&#8221; body_font_size=&#8221;16px&#8221; background_enable_pattern_style=&#8221;on&#8221; background_pattern_style=&#8221;squares&#8221; background_pattern_color=&#8221;#2d2d2d&#8221; custom_css_free_form=&#8221;selector {||  border: 1px solid #a5c4a3;||  overflow: hidden;||  padding: 16px 20px 0 20px;||}||||selector li {||  margin-bottom: 15px;||}||||selector h3 {||  margin-bottom: 15px;||}&#8221; global_colors_info=&#8221;{}&#8221;]<\/p>\n<ul>\n<li>Posizione centrale per escursioni a Colonia, D\u00fcsseldorf e nella regione del Reno<\/li>\n<li>Ambiente tranquillo al porto per serate rilassanti dopo una giornata ricca di emozioni<\/li>\n<li>Ottimo punto di partenza per passeggiate lungo il Reno e nei dintorni<\/li>\n<\/ul>\n<p>[\/et_pb_blurb][\/et_pb_column][\/et_pb_row][\/et_pb_section][et_pb_section fb_built=&#8221;1&#8243; admin_label=&#8221;Lage &#038; Anbindung&#8221; _builder_version=&#8221;4.27.5&#8243; _module_preset=&#8221;default&#8221; global_colors_info=&#8221;{}&#8221;][et_pb_row _builder_version=&#8221;4.27.5&#8243; _module_preset=&#8221;default&#8221; global_colors_info=&#8221;{}&#8221;][et_pb_column type=&#8221;4_4&#8243; _builder_version=&#8221;4.27.5&#8243; _module_preset=&#8221;default&#8221; global_colors_info=&#8221;{}&#8221;][et_pb_text _builder_version=&#8221;4.27.5&#8243; _module_preset=&#8221;default&#8221; text_text_color=&#8221;#333333&#8243; header_2_font=&#8221;bebas-neue||||||||&#8221; header_2_text_color=&#8221;#A5C4A3&#8243; header_2_font_size=&#8221;48px&#8221; max_width=&#8221;550px&#8221; max_width_tablet=&#8221;550px&#8221; max_width_phone=&#8221;550px&#8221; max_width_last_edited=&#8221;on|desktop&#8221; global_colors_info=&#8221;{}&#8221;]<\/p>\n<h2><span class=\"preheading preheading-dark\">In posizione tranquilla e<\/span> ben collegata<\/h2>\n<p>L&#8217;hotel sul porto combina una posizione tranquilla sul lungomare con un rapido collegamento alle principali destinazioni della regione di Colonia\/D\u00fcsseldorf, ideale per chi viaggia per affari, per partecipare a eventi e per brevi vacanze.[\/et_pb_text][\/et_pb_column][\/et_pb_row][et_pb_row column_structure=&#8221;2_5,3_5&#8243; _builder_version=&#8221;4.27.5&#8243; _module_preset=&#8221;default&#8221; global_colors_info=&#8221;{}&#8221;][et_pb_column type=&#8221;2_5&#8243; _builder_version=&#8221;4.27.5&#8243; _module_preset=&#8221;default&#8221; global_colors_info=&#8221;{}&#8221;][et_pb_text _builder_version=&#8221;4.27.5&#8243; _module_preset=&#8221;default&#8221; text_font=&#8221;arial||||||||&#8221; text_text_color=&#8221;#333333&#8243; header_3_text_color=&#8221;#333333&#8243; header_3_font_size=&#8221;24px&#8221; global_colors_info=&#8221;{}&#8221;]<\/p>\n<h3>In auto<\/h3>\n<ul>\n<li>Buon collegamento con le autostrade in direzione Colonia e D\u00fcsseldorf<\/li>\n<li>Rapida raggiungibilit\u00e0 di importanti centri economici<\/li>\n<li>Parcheggio gratuito nella strada intorno all&#8217;hotel<\/li>\n<\/ul>\n<p>[\/et_pb_text][et_pb_text _builder_version=&#8221;4.27.5&#8243; _module_preset=&#8221;default&#8221; text_font=&#8221;arial||||||||&#8221; text_text_color=&#8221;#333333&#8243; header_3_text_color=&#8221;#333333&#8243; header_3_font_size=&#8221;24px&#8221; global_colors_info=&#8221;{}&#8221;]<\/p>\n<h3>Eventi, fiere e affari<\/h3>\n<ul>\n<li>Posizione vantaggiosa per visitare le fiere di Colonia e D\u00fcsseldorf<\/li>\n<li>A breve distanza dalla BayArena e dalle location per eventi nei dintorni<\/li>\n<li>Sedi aziendali e zone industriali nelle vicinanze<\/li>\n<\/ul>\n<p>[\/et_pb_text][et_pb_text _builder_version=&#8221;4.27.5&#8243; _module_preset=&#8221;default&#8221; text_font=&#8221;arial||||||||&#8221; text_text_color=&#8221;#333333&#8243; header_3_text_color=&#8221;#333333&#8243; header_3_font_size=&#8221;24px&#8221; global_colors_info=&#8221;{}&#8221;]<\/p>\n<h3>Dintorni e relax<\/h3>\n<ul>\n<li>Posizione tranquilla direttamente sul porto<\/li>\n<li>Passeggiate lungo il Reno nelle immediate vicinanze<\/li>\n<li>Atmosfera rilassata lontano dal traffico del centro citt\u00e0<\/li>\n<\/ul>\n<p>[\/et_pb_text][\/et_pb_column][et_pb_column type=&#8221;3_5&#8243; _builder_version=&#8221;4.27.5&#8243; _module_preset=&#8221;default&#8221; global_colors_info=&#8221;{}&#8221;][et_pb_map address=&#8221;51 Leverkusen, Germany&#8221; zoom_level=&#8221;10&#8243; address_lat=&#8221;51.0964226081&#8243; address_lng=&#8221;6.90939838005&#8243; use_grayscale_filter=&#8221;on&#8221; grayscale_filter_amount=&#8221;100&#8243; _builder_version=&#8221;4.27.5&#8243; _module_preset=&#8221;default&#8221; height=&#8221;500px&#8221; global_colors_info=&#8221;{}&#8221;][et_pb_map_pin title=&#8221;Hotel am Hafen&#8221; pin_address=&#8221;Rheinstra\u00dfe 70, 51371 Leverkusen, Germany&#8221; zoom_level=&#8221;15&#8243; pin_address_lat=&#8221;51.0617889721&#8243; pin_address_lng=&#8221;6.91193479375&#8243; _builder_version=&#8221;4.27.5&#8243; _module_preset=&#8221;default&#8221; global_colors_info=&#8221;{}&#8221;][\/et_pb_map_pin][et_pb_map_pin title=&#8221;Koelnmesse&#8221; pin_address=&#8221;Messepl. 1, 50679 K\u00f6ln, Germany&#8221; pin_address_lat=&#8221;50.9466048&#8243; pin_address_lng=&#8221;6.9804047&#8243; _builder_version=&#8221;4.27.5&#8243; _module_preset=&#8221;default&#8221; global_colors_info=&#8221;{}&#8221;][\/et_pb_map_pin][et_pb_map_pin title=&#8221;Messe D\u00fcsseldorf&#8221; pin_address=&#8221;Stockumer Kirchstra\u00dfe 61, 40474 D\u00fcsseldorf, Germany&#8221; pin_address_lat=&#8221;51.2600703&#8243; pin_address_lng=&#8221;6.7408775&#8243; _builder_version=&#8221;4.27.5&#8243; _module_preset=&#8221;default&#8221; global_colors_info=&#8221;{}&#8221;][\/et_pb_map_pin][et_pb_map_pin title=&#8221;BayArena&#8221; pin_address=&#8221;Bismarckstra\u00dfe 122-124, 51373 Leverkusen, Germany&#8221; pin_address_lat=&#8221;51.0382091&#8243; pin_address_lng=&#8221;7.0022566&#8243; _builder_version=&#8221;4.27.5&#8243; _module_preset=&#8221;default&#8221; global_colors_info=&#8221;{}&#8221;][\/et_pb_map_pin][\/et_pb_map][\/et_pb_column][\/et_pb_row][\/et_pb_section][et_pb_section fb_built=&#8221;1&#8243; prev_background_color=&#8221;#ffffff&#8221; admin_label=&#8221;Vorteile&#8221; _builder_version=&#8221;4.27.5&#8243; _module_preset=&#8221;default&#8221; background_color=&#8221;#333333&#8243; top_divider_style=&#8221;wave&#8221; top_divider_height=&#8221;60px&#8221; global_colors_info=&#8221;{}&#8221;][et_pb_row _builder_version=&#8221;4.27.5&#8243; _module_preset=&#8221;default&#8221; global_colors_info=&#8221;{}&#8221;][et_pb_column type=&#8221;4_4&#8243; _builder_version=&#8221;4.27.5&#8243; _module_preset=&#8221;default&#8221; global_colors_info=&#8221;{}&#8221;][et_pb_text _builder_version=&#8221;4.27.5&#8243; _module_preset=&#8221;default&#8221; text_text_color=&#8221;#FFFFFF&#8221; header_2_font=&#8221;bebas-neue||||||||&#8221; header_2_text_color=&#8221;#A5C4A3&#8243; header_2_font_size=&#8221;48px&#8221; global_colors_info=&#8221;{}&#8221;]<\/p>\n<h2><span class=\"preheading\">I nostri vantaggi <\/span>in sintesi<\/h2>\n<p>[\/et_pb_text][\/et_pb_column][\/et_pb_row][et_pb_row column_structure=&#8221;1_3,1_3,1_3&#8243; _builder_version=&#8221;4.27.5&#8243; _module_preset=&#8221;default&#8221; global_colors_info=&#8221;{}&#8221;][et_pb_column type=&#8221;1_3&#8243; _builder_version=&#8221;4.27.5&#8243; _module_preset=&#8221;default&#8221; global_colors_info=&#8221;{}&#8221;][et_pb_blurb title=&#8221;Ristorante interno&#8221; url=&#8221;https:\/\/ristorante-peperoncino.de\/&#8221; url_new_window=&#8221;on&#8221; image=&#8221;https:\/\/hotelamhafen-leverkusen.de\/wp-content\/uploads\/2026\/01\/restaurant_128x128px.png&#8221; _builder_version=&#8221;4.27.5&#8243; _module_preset=&#8221;default&#8221; header_level=&#8221;h3&#8243; header_font=&#8221;&#8211;et_global_heading_font||||||||&#8221; header_text_align=&#8221;center&#8221; header_text_color=&#8221;#A5C4A3&#8243; header_font_size=&#8221;26px&#8221; body_font=&#8221;&#8211;et_global_body_font||||||||&#8221; body_text_align=&#8221;center&#8221; body_text_color=&#8221;#FFFFFF&#8221; body_font_size=&#8221;16px&#8221; link_option_url=&#8221;https:\/\/ristorante-peperoncino.de\/&#8221; global_colors_info=&#8221;{}&#8221;]<\/p>\n<p>Una ricca colazione e deliziosa cucina italiana nel nostro ristorante interno.<\/p>\n<p>[\/et_pb_blurb][\/et_pb_column][et_pb_column type=&#8221;1_3&#8243; _builder_version=&#8221;4.27.5&#8243; _module_preset=&#8221;default&#8221; global_colors_info=&#8221;{}&#8221;][et_pb_blurb title=&#8221;Wi-Fi gratuito&#8221; image=&#8221;https:\/\/hotelamhafen-leverkusen.de\/wp-content\/uploads\/2026\/01\/wlan_128x128px.png&#8221; _builder_version=&#8221;4.27.5&#8243; _module_preset=&#8221;default&#8221; header_level=&#8221;h3&#8243; header_font=&#8221;&#8211;et_global_heading_font||||||||&#8221; header_text_align=&#8221;center&#8221; header_text_color=&#8221;#A5C4A3&#8243; header_font_size=&#8221;26px&#8221; body_font=&#8221;&#8211;et_global_body_font||||||||&#8221; body_text_align=&#8221;center&#8221; body_text_color=&#8221;#FFFFFF&#8221; body_font_size=&#8221;16px&#8221; global_colors_info=&#8221;{}&#8221;]<\/p>\n<p>Disponibile in tutto l&#8217;hotel: ideale per lavorare e guardare contenuti in streaming.<\/p>\n<p>[\/et_pb_blurb][\/et_pb_column][et_pb_column type=&#8221;1_3&#8243; _builder_version=&#8221;4.27.5&#8243; _module_preset=&#8221;default&#8221; global_colors_info=&#8221;{}&#8221;][et_pb_blurb title=&#8221;Parcheggi gratuiti&#8221; image=&#8221;https:\/\/hotelamhafen-leverkusen.de\/wp-content\/uploads\/2026\/01\/parken_128x128px.png&#8221; _builder_version=&#8221;4.27.5&#8243; _module_preset=&#8221;default&#8221; header_level=&#8221;h3&#8243; header_font=&#8221;&#8211;et_global_heading_font||||||||&#8221; header_text_align=&#8221;center&#8221; header_text_color=&#8221;#A5C4A3&#8243; header_font_size=&#8221;26px&#8221; body_font=&#8221;&#8211;et_global_body_font||||||||&#8221; body_text_align=&#8221;center&#8221; body_text_color=&#8221;#FFFFFF&#8221; body_font_size=&#8221;16px&#8221; global_colors_info=&#8221;{}&#8221;]<\/p>\n<p>Parcheggi pubblici nella strada intorno all&#8217;hotel.<\/p>\n<p>[\/et_pb_blurb][\/et_pb_column][\/et_pb_row][\/et_pb_section][et_pb_section fb_built=&#8221;1&#8243; admin_label=&#8221;Kontakt&#8221; module_id=&#8221;kontakt&#8221; _builder_version=&#8221;4.27.5&#8243; _module_preset=&#8221;default&#8221; global_colors_info=&#8221;{}&#8221;][et_pb_row column_structure=&#8221;1_2,1_2&#8243; _builder_version=&#8221;4.27.5&#8243; _module_preset=&#8221;default&#8221; custom_css_main_element=&#8221;display: flex;||align-items: flex-end;&#8221; global_colors_info=&#8221;{}&#8221; custom_css_main_element_last_edited=&#8221;on|phone&#8221; custom_css_main_element_phone=&#8221;display: block;&#8221; custom_css_main_element_tablet=&#8221;display: flex;||align-items: center;&#8221;][et_pb_column type=&#8221;1_2&#8243; _builder_version=&#8221;4.27.5&#8243; _module_preset=&#8221;default&#8221; global_colors_info=&#8221;{}&#8221;][et_pb_text _builder_version=&#8221;4.27.5&#8243; _module_preset=&#8221;default&#8221; text_text_color=&#8221;#333333&#8243; header_2_font=&#8221;bebas-neue||||||||&#8221; header_2_text_color=&#8221;#A5C4A3&#8243; header_2_font_size=&#8221;48px&#8221; max_width=&#8221;550px&#8221; max_width_tablet=&#8221;550px&#8221; max_width_phone=&#8221;550px&#8221; max_width_last_edited=&#8221;on|desktop&#8221; global_colors_info=&#8221;{}&#8221;]<\/p>\n<h2><span class=\"preheading preheading-dark\">Altre domande?<\/span> Contattaci<\/h2>\n<p>Per qualsiasi domanda sull\u2019hotel o su come raggiungerci, siamo a vostra disposizione. La prenotazione avviene comodamente tramite i nostri portali partner.[\/et_pb_text][et_pb_map address=&#8221;51371 Leverkusen-Hitdorf, Germany&#8221; zoom_level=&#8221;14&#8243; address_lat=&#8221;51.0604415214&#8243; address_lng=&#8221;6.91174491775&#8243; use_grayscale_filter=&#8221;on&#8221; grayscale_filter_amount=&#8221;100&#8243; _builder_version=&#8221;4.27.5&#8243; _module_preset=&#8221;default&#8221; global_colors_info=&#8221;{}&#8221;][et_pb_map_pin pin_address=&#8221;Rheinstra\u00dfe 70, 51371 Leverkusen, Germany&#8221; pin_address_lat=&#8221;51.0617724&#8243; pin_address_lng=&#8221;6.911936&#8243; _builder_version=&#8221;4.27.5&#8243; _module_preset=&#8221;default&#8221; global_colors_info=&#8221;{}&#8221;][\/et_pb_map_pin][\/et_pb_map][\/et_pb_column][et_pb_column type=&#8221;1_2&#8243; _builder_version=&#8221;4.27.5&#8243; _module_preset=&#8221;default&#8221; global_colors_info=&#8221;{}&#8221;][et_pb_code _builder_version=&#8221;4.27.5&#8243; _module_preset=&#8221;default&#8221; global_colors_info=&#8221;{}&#8221;]<div class='fluentform ff-default fluentform_wrapper_1 ffs_custom_wrap'><form data-form_id=\"1\" id=\"fluentform_1\" class=\"frm-fluent-form fluent_form_1 ff-el-form-top ff_form_instance_1_1 ff-form-loading ffs_custom\" data-form_instance=\"ff_form_instance_1_1\" method=\"POST\" ><fieldset  style=\"border: none!important;margin: 0!important;padding: 0!important;background-color: transparent!important;box-shadow: none!important;outline: none!important; min-inline-size: 100%;\">\n                    <legend class=\"ff_screen_reader_title\" style=\"display: block; margin: 0!important;padding: 0!important;height: 0!important;text-indent: -999999px;width: 0!important;overflow:hidden;\">Kontaktformular<\/legend><input type='hidden' name='__fluent_form_embded_post_id' value='341' \/><input type=\"hidden\" id=\"_fluentform_1_fluentformnonce\" name=\"_fluentform_1_fluentformnonce\" value=\"d8142da33e\" \/><input type=\"hidden\" name=\"_wp_http_referer\" value=\"\/it\/wp-json\/wp\/v2\/pages\/341\" \/><div data-type=\"name-element\" data-name=\"names\" class=\" ff-field_container ff-name-field-wrapper\" ><div class='ff-t-container'><div class='ff-t-cell '><div class='ff-el-group'><div class=\"ff-el-input--label asterisk-right\"><label for='ff_1_names_first_name_' id='label_ff_1_names_first_name_' >Nome<\/label><\/div><div class='ff-el-input--content'><input type=\"text\" name=\"names[first_name]\" id=\"ff_1_names_first_name_\" class=\"ff-el-form-control\" aria-invalid=\"false\" aria-required=false><\/div><\/div><\/div><div class='ff-t-cell '><div class='ff-el-group'><div class=\"ff-el-input--label asterisk-right\"><label for='ff_1_names_last_name_' id='label_ff_1_names_last_name_' >Cognome<\/label><\/div><div class='ff-el-input--content'><input type=\"text\" name=\"names[last_name]\" id=\"ff_1_names_last_name_\" class=\"ff-el-form-control\" aria-invalid=\"false\" aria-required=false><\/div><\/div><\/div><\/div><\/div><div class='ff-el-group'><div class=\"ff-el-input--label ff-el-is-required asterisk-right\"><label for='ff_1_email' id='label_ff_1_email' aria-label=\"E-Mail\">E-Mail<\/label><\/div><div class='ff-el-input--content'><input type=\"email\" name=\"email\" id=\"ff_1_email\" class=\"ff-el-form-control\" data-name=\"email\"  aria-invalid=\"false\" aria-required=true><\/div><\/div><div class='ff-el-group'><div class=\"ff-el-input--label ff-el-is-required asterisk-right\"><label for='ff_1_message' id='label_ff_1_message' aria-label=\"Messaggio\">Messaggio<\/label><\/div><div class='ff-el-input--content'><textarea aria-required=\"true\" aria-labelledby=\"label_ff_1_message\" name=\"message\" id=\"ff_1_message\" class=\"ff-el-form-control\" rows=\"3\" cols=\"2\" data-name=\"message\" ><\/textarea><\/div><\/div><div class='ff-el-group ff-text-left ff_submit_btn_wrapper'><button type=\"submit\" class=\"ff-btn ff-btn-submit ff-btn-md ff_btn_style\"  aria-label=\"Senden\">Senden<\/button><\/div><\/fieldset><\/form><div id='fluentform_1_errors' class='ff-errors-in-stack ff_form_instance_1_1 ff-form-loading_errors ff_form_instance_1_1_errors'><\/div><\/div>            <script type=\"text\/javascript\">\n                window.fluent_form_ff_form_instance_1_1 = {\"id\":\"1\",\"settings\":{\"layout\":{\"labelPlacement\":\"top\",\"helpMessagePlacement\":\"with_label\",\"errorMessagePlacement\":\"inline\",\"cssClassName\":\"\",\"asteriskPlacement\":\"asterisk-right\"},\"restrictions\":{\"denyEmptySubmission\":{\"enabled\":false}}},\"form_instance\":\"ff_form_instance_1_1\",\"form_id_selector\":\"fluentform_1\",\"rules\":{\"names[first_name]\":{\"required\":{\"value\":false,\"message\":\"Questo campo \\u00e8 obbligatorio\",\"global\":false,\"global_message\":\"Dieses Feld ist erforderlich\"}},\"names[middle_name]\":{\"required\":{\"value\":false,\"message\":\"Questo campo \\u00e8 obbligatorio\",\"global\":false,\"global_message\":\"Dieses Feld ist erforderlich\"}},\"names[last_name]\":{\"required\":{\"value\":false,\"message\":\"Questo campo \\u00e8 obbligatorio\",\"global\":false,\"global_message\":\"Dieses Feld ist erforderlich\"}},\"email\":{\"required\":{\"value\":true,\"message\":\"Dieses Feld ist erforderlich\",\"global\":true,\"global_message\":\"Dieses Feld ist erforderlich\"},\"email\":{\"value\":true,\"message\":\"Dieses Feld muss eine g\\u00fcltige E-Mail-Adresse enthalten\",\"global\":true,\"global_message\":\"Dieses Feld muss eine g\\u00fcltige E-Mail-Adresse enthalten\"}},\"message\":{\"required\":{\"value\":true,\"message\":\"Questo campo \\u00e8 obbligatorio\",\"global\":false,\"global_message\":\"Dieses Feld ist erforderlich\"}}},\"debounce_time\":300};\n                            <\/script>\n            [\/et_pb_code][\/et_pb_column][\/et_pb_row][\/et_pb_section]<\/p>\n","protected":false},"excerpt":{"rendered":"<p>Hotel sul porto di Leverkusen Situato in posizione tranquilla, ottimamente collegato, con ristorante interno e rapidi collegamenti con Colonia e D\u00fcsseldorf.Benvenuti Benvenuti all&#8217;Hotel am Hafen di Leverkusen, il vostro piccolo hotel a conduzione individuale in una posizione tranquilla direttamente sul porto. Che si tratti di un viaggio d&#8217;affari, di una visita a una fiera, di [&hellip;]<\/p>\n","protected":false},"author":1,"featured_media":0,"parent":0,"menu_order":0,"comment_status":"closed","ping_status":"closed","template":"","meta":{"_et_pb_use_builder":"on","_et_pb_old_content":"","_et_gb_content_width":"","footnotes":""},"dipi_cpt_category":[],"class_list":["post-341","page","type-page","status-publish","hentry"],"_links":{"self":[{"href":"https:\/\/hotelamhafen-leverkusen.de\/it\/wp-json\/wp\/v2\/pages\/341","targetHints":{"allow":["GET"]}}],"collection":[{"href":"https:\/\/hotelamhafen-leverkusen.de\/it\/wp-json\/wp\/v2\/pages"}],"about":[{"href":"https:\/\/hotelamhafen-leverkusen.de\/it\/wp-json\/wp\/v2\/types\/page"}],"author":[{"embeddable":true,"href":"https:\/\/hotelamhafen-leverkusen.de\/it\/wp-json\/wp\/v2\/users\/1"}],"replies":[{"embeddable":true,"href":"https:\/\/hotelamhafen-leverkusen.de\/it\/wp-json\/wp\/v2\/comments?post=341"}],"version-history":[{"count":17,"href":"https:\/\/hotelamhafen-leverkusen.de\/it\/wp-json\/wp\/v2\/pages\/341\/revisions"}],"predecessor-version":[{"id":476,"href":"https:\/\/hotelamhafen-leverkusen.de\/it\/wp-json\/wp\/v2\/pages\/341\/revisions\/476"}],"wp:attachment":[{"href":"https:\/\/hotelamhafen-leverkusen.de\/it\/wp-json\/wp\/v2\/media?parent=341"}],"wp:term":[{"taxonomy":"dipi_cpt_category","embeddable":true,"href":"https:\/\/hotelamhafen-leverkusen.de\/it\/wp-json\/wp\/v2\/dipi_cpt_category?post=341"}],"curies":[{"name":"wp","href":"https:\/\/api.w.org\/{rel}","templated":true}]}}